{"id":2325,"date":"2025-01-08T17:24:54","date_gmt":"2025-01-08T20:24:54","guid":{"rendered":"https:\/\/www.centroflora.com.br\/?page_id=2325"},"modified":"2025-01-23T16:14:20","modified_gmt":"2025-01-23T19:14:20","slug":"comunicacao","status":"publish","type":"page","link":"https:\/\/www.centroflora.com.br\/en\/comunicacao\/","title":{"rendered":"Communication"},"content":{"rendered":"\t\t<div data-elementor-type=\"wp-page\" data-elementor-id=\"2325\" class=\"elementor elementor-2325\">\n\t\t\t\t<div class=\"elementor-element elementor-element-57917dd e-flex e-con-boxed e-con e-parent\" data-id=\"57917dd\" data-element_type=\"container\" data-e-type=\"container\" data-settings=\"{&quot;background_background&quot;:&quot;classic&quot;,&quot;jet_parallax_layout_list&quot;:[]}\">\n\t\t\t\t\t<div class=\"e-con-inner\">\n\t\t<div class=\"elementor-element elementor-element-7b046d0 e-con-full e-flex e-con e-child\" data-id=\"7b046d0\" data-element_type=\"container\" data-e-type=\"container\" data-settings=\"{&quot;jet_parallax_layout_list&quot;:[]}\">\n\t\t\t\t<div class=\"elementor-element elementor-element-23aa441 elementor-widget elementor-widget-heading\" data-id=\"23aa441\" data-element_type=\"widget\" data-e-type=\"widget\" data-widget_type=\"heading.default\">\n\t\t\t\t<div class=\"elementor-widget-container\">\n\t\t\t\t\t<h1 class=\"elementor-heading-title elementor-size-default\">M\u00eddia<\/h1>\t\t\t\t<\/div>\n\t\t\t\t<\/div>\n\t\t\t\t<div class=\"elementor-element elementor-element-e817535 elementor-widget elementor-widget-text-editor\" data-id=\"e817535\" data-element_type=\"widget\" data-e-type=\"widget\" data-widget_type=\"text-editor.default\">\n\t\t\t\t<div class=\"elementor-widget-container\">\n\t\t\t\t\t\t\t\t\tO Grupo Centroflora \u00e9 refer\u00eancia em inova\u00e7\u00e3o, sustentabilidade e responsabilidade socioambiental, e isso n\u00e3o passa despercebido. Nesta se\u00e7\u00e3o, reunimos mat\u00e9rias, entrevistas e reportagens publicadas em ve\u00edculos renomados, que destacam nossas conquistas, projetos e iniciativas de impacto.\t\t\t\t\t\t\t\t<\/div>\n\t\t\t\t<\/div>\n\t\t\t\t<div class=\"elementor-element elementor-element-66c7c72 elementor-hidden-mobile elementor-widget elementor-widget-button\" data-id=\"66c7c72\" data-element_type=\"widget\" data-e-type=\"widget\" data-widget_type=\"button.default\">\n\t\t\t\t<div class=\"elementor-widget-container\">\n\t\t\t\t\t\t\t\t\t<div class=\"elementor-button-wrapper\">\n\t\t\t\t\t<a class=\"elementor-button elementor-button-link elementor-size-sm\" href=\"\/midia\">\n\t\t\t\t\t\t<span class=\"elementor-button-content-wrapper\">\n\t\t\t\t\t\t\t\t\t<span class=\"elementor-button-text\">Ver lista completa<\/span>\n\t\t\t\t\t<\/span>\n\t\t\t\t\t<\/a>\n\t\t\t\t<\/div>\n\t\t\t\t\t\t\t\t<\/div>\n\t\t\t\t<\/div>\n\t\t\t\t<\/div>\n\t\t<div class=\"elementor-element elementor-element-dcf277c e-con-full e-flex e-con e-child\" data-id=\"dcf277c\" data-element_type=\"container\" data-e-type=\"container\" data-settings=\"{&quot;jet_parallax_layout_list&quot;:[]}\">\n\t\t\t\t<div class=\"elementor-element elementor-element-dbf5c57 elementor-invisible elementor-widget elementor-widget-jet-listing-grid\" data-id=\"dbf5c57\" data-element_type=\"widget\" data-e-type=\"widget\" data-settings=\"{&quot;_animation&quot;:&quot;fadeIn&quot;,&quot;_animation_delay&quot;:500,&quot;columns_tablet_extra&quot;:&quot;2&quot;,&quot;columns_widescreen&quot;:&quot;3&quot;,&quot;columns_laptop&quot;:&quot;3&quot;,&quot;columns_mobile_extra&quot;:&quot;1&quot;,&quot;columns&quot;:3}\" data-widget_type=\"jet-listing-grid.default\">\n\t\t\t\t<div class=\"elementor-widget-container\">\n\t\t\t\t\t<div class=\"jet-listing-grid jet-listing\"><div class=\"jet-listing-grid__slider slick-lib\" data-slider_options=\"{&quot;autoplaySpeed&quot;:5000,&quot;autoplay&quot;:false,&quot;pauseOnHover&quot;:true,&quot;infinite&quot;:false,&quot;centerMode&quot;:false,&quot;speed&quot;:500,&quot;arrows&quot;:true,&quot;dots&quot;:false,&quot;slidesToScroll&quot;:1,&quot;prevArrow&quot;:&quot;\\u003Cdiv class=\\u0027jet-listing-grid__slider-icon prev-arrow \\u0027 role=\\u0027button\\u0027 aria-label=\\u0027Previous\\u0027\\u003E\\u003Csvg width=\\u0027180\\u0027 height=\\u0027180\\u0027 viewBox=\\u00270 0 180 180\\u0027 fill=\\u0027none\\u0027 xmlns=\\u0027http:\\\/\\\/www.w3.org\\\/2000\\\/svg\\u0027\\u003E\\u003Cpath d=\\u0027M164 83.5918V96.4082C164 99.9461 162.911 102.967 160.732 105.47C158.554 107.973 155.722 109.225 152.236 109.225H81.4538L110.913 138.662C113.46 141.065 114.734 144.069 114.734 147.674C114.734 151.279 113.46 154.282 110.913 156.685L103.372 164.295C100.892 166.765 97.8759 168 94.3234 168C90.8379 168 87.788 166.765 85.1739 164.295L19.7201 99.0116C17.24 96.5417 16 93.5379 16 90C16 86.5289 17.24 83.4917 19.7201 80.8883L85.1739 15.8049C87.721 13.2683 90.7708 12 94.3234 12C97.8089 12 100.825 13.2683 103.372 15.8049L110.913 23.2144C113.46 25.751 114.734 28.7882 114.734 32.3261C114.734 35.8639 113.46 38.9012 110.913 41.4377L81.4538 70.7754H152.236C155.722 70.7754 158.554 72.027 160.732 74.5302C162.911 77.0334 164 80.0539 164 83.5918Z\\u0027 fill=\\u0027black\\u0027\\\/\\u003E\\u003C\\\/svg\\u003E\\u003C\\\/div\\u003E&quot;,&quot;nextArrow&quot;:&quot;\\u003Cdiv class=\\u0027jet-listing-grid__slider-icon next-arrow \\u0027 role=\\u0027button\\u0027 aria-label=\\u0027Next\\u0027\\u003E\\u003Csvg width=\\u0027180\\u0027 height=\\u0027180\\u0027 viewBox=\\u00270 0 180 180\\u0027 fill=\\u0027none\\u0027 xmlns=\\u0027http:\\\/\\\/www.w3.org\\\/2000\\\/svg\\u0027\\u003E\\u003Cpath d=\\u0027M164 83.5918V96.4082C164 99.9461 162.911 102.967 160.732 105.47C158.554 107.973 155.722 109.225 152.236 109.225H81.4538L110.913 138.662C113.46 141.065 114.734 144.069 114.734 147.674C114.734 151.279 113.46 154.282 110.913 156.685L103.372 164.295C100.892 166.765 97.8759 168 94.3234 168C90.8379 168 87.788 166.765 85.1739 164.295L19.7201 99.0116C17.24 96.5417 16 93.5379 16 90C16 86.5289 17.24 83.4917 19.7201 80.8883L85.1739 15.8049C87.721 13.2683 90.7708 12 94.3234 12C97.8089 12 100.825 13.2683 103.372 15.8049L110.913 23.2144C113.46 25.751 114.734 28.7882 114.734 32.3261C114.734 35.8639 113.46 38.9012 110.913 41.4377L81.4538 70.7754H152.236C155.722 70.7754 158.554 72.027 160.732 74.5302C162.911 77.0334 164 80.0539 164 83.5918Z\\u0027 fill=\\u0027black\\u0027\\\/\\u003E\\u003C\\\/svg\\u003E\\u003C\\\/div\\u003E&quot;,&quot;rtl&quot;:false,&quot;itemsCount&quot;:5,&quot;fade&quot;:false,&quot;slidesToShow&quot;:{&quot;desktop&quot;:3,&quot;tablet&quot;:3,&quot;mobile&quot;:3}}\" dir=\"ltr\"><div class=\"jet-listing-grid__items grid-col-desk-3 grid-col-tablet-3 grid-col-mobile-3 jet-listing-grid--2330 jet-equal-columns__wrapper\" data-queried-id=\"2325|WP_Post\" data-nav=\"{&quot;enabled&quot;:false,&quot;type&quot;:null,&quot;more_el&quot;:null,&quot;query&quot;:[],&quot;widget_settings&quot;:{&quot;lisitng_id&quot;:2330,&quot;posts_num&quot;:5,&quot;columns&quot;:3,&quot;columns_tablet&quot;:3,&quot;columns_mobile&quot;:3,&quot;column_min_width&quot;:240,&quot;column_min_width_tablet&quot;:240,&quot;column_min_width_mobile&quot;:240,&quot;inline_columns_css&quot;:false,&quot;is_archive_template&quot;:&quot;&quot;,&quot;post_status&quot;:[&quot;publish&quot;],&quot;use_random_posts_num&quot;:&quot;&quot;,&quot;max_posts_num&quot;:9,&quot;not_found_message&quot;:&quot;Nenhuma mat\\u00e9ria encontrada&quot;,&quot;is_masonry&quot;:false,&quot;equal_columns_height&quot;:&quot;yes&quot;,&quot;use_load_more&quot;:&quot;&quot;,&quot;load_more_id&quot;:&quot;&quot;,&quot;load_more_type&quot;:&quot;click&quot;,&quot;load_more_offset&quot;:null,&quot;use_custom_post_types&quot;:&quot;&quot;,&quot;custom_post_types&quot;:[],&quot;hide_widget_if&quot;:&quot;&quot;,&quot;carousel_enabled&quot;:&quot;yes&quot;,&quot;slides_to_scroll&quot;:&quot;1&quot;,&quot;arrows&quot;:&quot;true&quot;,&quot;arrow_icon&quot;:&quot;fa fa-arrow-left&quot;,&quot;dots&quot;:&quot;&quot;,&quot;autoplay&quot;:&quot;true&quot;,&quot;pause_on_hover&quot;:&quot;true&quot;,&quot;autoplay_speed&quot;:5000,&quot;infinite&quot;:&quot;true&quot;,&quot;center_mode&quot;:&quot;&quot;,&quot;effect&quot;:&quot;slide&quot;,&quot;speed&quot;:500,&quot;inject_alternative_items&quot;:&quot;&quot;,&quot;injection_items&quot;:[],&quot;scroll_slider_enabled&quot;:&quot;&quot;,&quot;scroll_slider_on&quot;:[&quot;desktop&quot;,&quot;tablet&quot;,&quot;mobile&quot;],&quot;custom_query&quot;:false,&quot;custom_query_id&quot;:&quot;&quot;,&quot;_element_id&quot;:&quot;&quot;,&quot;collapse_first_last_gap&quot;:false,&quot;list_tag_selection&quot;:&quot;&quot;,&quot;list_items_wrapper_tag&quot;:&quot;div&quot;,&quot;list_item_tag&quot;:&quot;div&quot;,&quot;empty_items_wrapper_tag&quot;:&quot;div&quot;}}\" data-page=\"1\" data-pages=\"2\" data-listing-source=\"posts\" data-listing-id=\"2330\" data-query-id=\"\"><div class=\"jet-listing-grid__item jet-listing-dynamic-post-2894 jet-equal-columns\" data-post-id=\"2894\"  ><div class=\"jet-engine-listing-overlay-wrap\" data-url=\"https:\/\/www.centroflora.com.br\/en\/midia\/brasil-reacelera-sua-industria-de-ifas-e-abre-uma-nova-disputa-por-autonomia-tecnologica\/\">\t\t<div data-elementor-type=\"jet-listing-items\" data-elementor-id=\"2330\" class=\"elementor elementor-2330\">\n\t\t\t\t<div class=\"elementor-element elementor-element-debee77 e-flex e-con-boxed e-con e-parent\" data-id=\"debee77\" data-element_type=\"container\" data-e-type=\"container\" data-settings=\"{&quot;background_background&quot;:&quot;classic&quot;,&quot;jet_parallax_layout_list&quot;:[]}\">\n\t\t\t\t\t<div class=\"e-con-inner\">\n\t\t<div class=\"elementor-element elementor-element-5bf91b5 e-con-full e-flex e-con e-child\" data-id=\"5bf91b5\" data-element_type=\"container\" data-e-type=\"container\" data-settings=\"{&quot;jet_parallax_layout_list&quot;:[]}\">\n\t\t\t\t<div class=\"elementor-element elementor-element-62b01c9 elementor-widget elementor-widget-image\" data-id=\"62b01c9\" data-element_type=\"widget\" data-e-type=\"widget\" data-widget_type=\"image.default\">\n\t\t\t\t<div class=\"elementor-widget-container\">\n\t\t\t\t\t\t\t\t\t\t\t\t\t\t\t<img fetchpriority=\"high\" decoding=\"async\" width=\"768\" height=\"960\" src=\"https:\/\/www.centroflora.com.br\/wp-content\/uploads\/2026\/02\/1770137291684-768x960.jpg\" class=\"attachment-medium_large size-medium_large wp-image-2895\" alt=\"\" srcset=\"https:\/\/www.centroflora.com.br\/wp-content\/uploads\/2026\/02\/1770137291684-768x960.jpg 768w, https:\/\/www.centroflora.com.br\/wp-content\/uploads\/2026\/02\/1770137291684-240x300.jpg 240w, https:\/\/www.centroflora.com.br\/wp-content\/uploads\/2026\/02\/1770137291684-819x1024.jpg 819w, https:\/\/www.centroflora.com.br\/wp-content\/uploads\/2026\/02\/1770137291684-10x12.jpg 10w, https:\/\/www.centroflora.com.br\/wp-content\/uploads\/2026\/02\/1770137291684-600x750.jpg 600w, https:\/\/www.centroflora.com.br\/wp-content\/uploads\/2026\/02\/1770137291684.jpg 1080w\" sizes=\"(max-width: 768px) 100vw, 768px\" \/>\t\t\t\t\t\t\t\t\t\t\t\t\t\t\t<\/div>\n\t\t\t\t<\/div>\n\t\t<div class=\"elementor-element elementor-element-3b2bb06 e-con-full e-flex e-con e-child\" data-id=\"3b2bb06\" data-element_type=\"container\" data-e-type=\"container\" data-settings=\"{&quot;jet_parallax_layout_list&quot;:[]}\">\n\t\t\t\t<div class=\"elementor-element elementor-element-17320b7 data_pt elementor-widget elementor-widget-jet-listing-dynamic-field\" data-id=\"17320b7\" data-element_type=\"widget\" data-e-type=\"widget\" data-widget_type=\"jet-listing-dynamic-field.default\">\n\t\t\t\t<div class=\"elementor-widget-container\">\n\t\t\t\t\t<div class=\"jet-listing jet-listing-dynamic-field display-inline\"><div class=\"jet-listing-dynamic-field__inline-wrap\"><div class=\"jet-listing-dynamic-field__content\" >30\/01\/2026<\/div><\/div><\/div>\t\t\t\t<\/div>\n\t\t\t\t<\/div>\n\t\t\t\t<div class=\"elementor-element elementor-element-c05575f data_en elementor-widget elementor-widget-jet-listing-dynamic-field\" data-id=\"c05575f\" data-element_type=\"widget\" data-e-type=\"widget\" data-widget_type=\"jet-listing-dynamic-field.default\">\n\t\t\t\t<div class=\"elementor-widget-container\">\n\t\t\t\t\t<div class=\"jet-listing jet-listing-dynamic-field display-inline\"><div class=\"jet-listing-dynamic-field__inline-wrap\"><div class=\"jet-listing-dynamic-field__content\" >01\/30\/2026<\/div><\/div><\/div>\t\t\t\t<\/div>\n\t\t\t\t<\/div>\n\t\t\t\t<div class=\"elementor-element elementor-element-623daa8 elementor-widget elementor-widget-jet-listing-dynamic-field\" data-id=\"623daa8\" data-element_type=\"widget\" data-e-type=\"widget\" data-widget_type=\"jet-listing-dynamic-field.default\">\n\t\t\t\t<div class=\"elementor-widget-container\">\n\t\t\t\t\t<div class=\"jet-listing jet-listing-dynamic-field display-inline\"><div class=\"jet-listing-dynamic-field__inline-wrap\"><div class=\"jet-listing-dynamic-field__content\" >- Revista FACTO | ABIFINA<\/div><\/div><\/div>\t\t\t\t<\/div>\n\t\t\t\t<\/div>\n\t\t\t\t<\/div>\n\t\t\t\t<div class=\"elementor-element elementor-element-3287376 titulo-materia-listing elementor-widget elementor-widget-heading\" data-id=\"3287376\" data-element_type=\"widget\" data-e-type=\"widget\" data-widget_type=\"heading.default\">\n\t\t\t\t<div class=\"elementor-widget-container\">\n\t\t\t\t\t<h3 class=\"elementor-heading-title elementor-size-default\">Brasil reacelera sua ind\u00fastria de IFAs  e abre uma nova disputa por autonomia tecnol\u00f3gica<\/h3>\t\t\t\t<\/div>\n\t\t\t\t<\/div>\n\t\t\t\t<\/div>\n\t\t\t\t<div class=\"elementor-element elementor-element-893fa52 elementor-widget elementor-widget-jet-listing-dynamic-link\" data-id=\"893fa52\" data-element_type=\"widget\" data-e-type=\"widget\" data-widget_type=\"jet-listing-dynamic-link.default\">\n\t\t\t\t<div class=\"elementor-widget-container\">\n\t\t\t\t\t<div class=\"jet-listing jet-listing-dynamic-link\"><a href=\"https:\/\/www.centroflora.com.br\/en\/midia\/brasil-reacelera-sua-industria-de-ifas-e-abre-uma-nova-disputa-por-autonomia-tecnologica\/\" class=\"jet-listing-dynamic-link__link\"><span class=\"jet-listing-dynamic-link__label\">Saiba mais +<\/span><\/a><\/div>\t\t\t\t<\/div>\n\t\t\t\t<\/div>\n\t\t\t\t\t<\/div>\n\t\t\t\t<\/div>\n\t\t\t\t<\/div>\n\t\t<a href=\"https:\/\/www.centroflora.com.br\/en\/midia\/brasil-reacelera-sua-industria-de-ifas-e-abre-uma-nova-disputa-por-autonomia-tecnologica\/\" class=\"jet-engine-listing-overlay-link\"><\/a><\/div><\/div><div class=\"jet-listing-grid__item jet-listing-dynamic-post-2892 jet-equal-columns\" data-post-id=\"2892\"  ><div class=\"jet-engine-listing-overlay-wrap\" data-url=\"https:\/\/www.centroflora.com.br\/en\/midia\/a-qualidade-comeca-no-insumo\/\">\t\t<div data-elementor-type=\"jet-listing-items\" data-elementor-id=\"2330\" class=\"elementor elementor-2330\">\n\t\t\t\t<div class=\"elementor-element elementor-element-debee77 e-flex e-con-boxed e-con e-parent\" data-id=\"debee77\" data-element_type=\"container\" data-e-type=\"container\" data-settings=\"{&quot;background_background&quot;:&quot;classic&quot;,&quot;jet_parallax_layout_list&quot;:[]}\">\n\t\t\t\t\t<div class=\"e-con-inner\">\n\t\t<div class=\"elementor-element elementor-element-5bf91b5 e-con-full e-flex e-con e-child\" data-id=\"5bf91b5\" data-element_type=\"container\" data-e-type=\"container\" data-settings=\"{&quot;jet_parallax_layout_list&quot;:[]}\">\n\t\t\t\t<div class=\"elementor-element elementor-element-62b01c9 elementor-widget elementor-widget-image\" data-id=\"62b01c9\" data-element_type=\"widget\" data-e-type=\"widget\" data-widget_type=\"image.default\">\n\t\t\t\t<div class=\"elementor-widget-container\">\n\t\t\t\t\t\t\t\t\t\t\t\t\t\t\t<img decoding=\"async\" width=\"768\" height=\"960\" src=\"https:\/\/www.centroflora.com.br\/wp-content\/uploads\/2026\/02\/1768826645515-768x960.jpg\" class=\"attachment-medium_large size-medium_large wp-image-2893\" alt=\"\" srcset=\"https:\/\/www.centroflora.com.br\/wp-content\/uploads\/2026\/02\/1768826645515-768x960.jpg 768w, https:\/\/www.centroflora.com.br\/wp-content\/uploads\/2026\/02\/1768826645515-240x300.jpg 240w, https:\/\/www.centroflora.com.br\/wp-content\/uploads\/2026\/02\/1768826645515-819x1024.jpg 819w, https:\/\/www.centroflora.com.br\/wp-content\/uploads\/2026\/02\/1768826645515-10x12.jpg 10w, https:\/\/www.centroflora.com.br\/wp-content\/uploads\/2026\/02\/1768826645515-600x750.jpg 600w, https:\/\/www.centroflora.com.br\/wp-content\/uploads\/2026\/02\/1768826645515.jpg 1080w\" sizes=\"(max-width: 768px) 100vw, 768px\" \/>\t\t\t\t\t\t\t\t\t\t\t\t\t\t\t<\/div>\n\t\t\t\t<\/div>\n\t\t<div class=\"elementor-element elementor-element-3b2bb06 e-con-full e-flex e-con e-child\" data-id=\"3b2bb06\" data-element_type=\"container\" data-e-type=\"container\" data-settings=\"{&quot;jet_parallax_layout_list&quot;:[]}\">\n\t\t\t\t<div class=\"elementor-element elementor-element-17320b7 data_pt elementor-widget elementor-widget-jet-listing-dynamic-field\" data-id=\"17320b7\" data-element_type=\"widget\" data-e-type=\"widget\" data-widget_type=\"jet-listing-dynamic-field.default\">\n\t\t\t\t<div class=\"elementor-widget-container\">\n\t\t\t\t\t<div class=\"jet-listing jet-listing-dynamic-field display-inline\"><div class=\"jet-listing-dynamic-field__inline-wrap\"><div class=\"jet-listing-dynamic-field__content\" >30\/11\/2025<\/div><\/div><\/div>\t\t\t\t<\/div>\n\t\t\t\t<\/div>\n\t\t\t\t<div class=\"elementor-element elementor-element-c05575f data_en elementor-widget elementor-widget-jet-listing-dynamic-field\" data-id=\"c05575f\" data-element_type=\"widget\" data-e-type=\"widget\" data-widget_type=\"jet-listing-dynamic-field.default\">\n\t\t\t\t<div class=\"elementor-widget-container\">\n\t\t\t\t\t<div class=\"jet-listing jet-listing-dynamic-field display-inline\"><div class=\"jet-listing-dynamic-field__inline-wrap\"><div class=\"jet-listing-dynamic-field__content\" >11\/30\/2025<\/div><\/div><\/div>\t\t\t\t<\/div>\n\t\t\t\t<\/div>\n\t\t\t\t<div class=\"elementor-element elementor-element-623daa8 elementor-widget elementor-widget-jet-listing-dynamic-field\" data-id=\"623daa8\" data-element_type=\"widget\" data-e-type=\"widget\" data-widget_type=\"jet-listing-dynamic-field.default\">\n\t\t\t\t<div class=\"elementor-widget-container\">\n\t\t\t\t\t<div class=\"jet-listing jet-listing-dynamic-field display-inline\"><div class=\"jet-listing-dynamic-field__inline-wrap\"><div class=\"jet-listing-dynamic-field__content\" >- ABIFINA<\/div><\/div><\/div>\t\t\t\t<\/div>\n\t\t\t\t<\/div>\n\t\t\t\t<\/div>\n\t\t\t\t<div class=\"elementor-element elementor-element-3287376 titulo-materia-listing elementor-widget elementor-widget-heading\" data-id=\"3287376\" data-element_type=\"widget\" data-e-type=\"widget\" data-widget_type=\"heading.default\">\n\t\t\t\t<div class=\"elementor-widget-container\">\n\t\t\t\t\t<h3 class=\"elementor-heading-title elementor-size-default\">A QUALIDADE COME\u00c7A NO INSUMO<\/h3>\t\t\t\t<\/div>\n\t\t\t\t<\/div>\n\t\t\t\t<\/div>\n\t\t\t\t<div class=\"elementor-element elementor-element-893fa52 elementor-widget elementor-widget-jet-listing-dynamic-link\" data-id=\"893fa52\" data-element_type=\"widget\" data-e-type=\"widget\" data-widget_type=\"jet-listing-dynamic-link.default\">\n\t\t\t\t<div class=\"elementor-widget-container\">\n\t\t\t\t\t<div class=\"jet-listing jet-listing-dynamic-link\"><a href=\"https:\/\/www.centroflora.com.br\/en\/midia\/a-qualidade-comeca-no-insumo\/\" class=\"jet-listing-dynamic-link__link\"><span class=\"jet-listing-dynamic-link__label\">Saiba mais +<\/span><\/a><\/div>\t\t\t\t<\/div>\n\t\t\t\t<\/div>\n\t\t\t\t\t<\/div>\n\t\t\t\t<\/div>\n\t\t\t\t<\/div>\n\t\t<a href=\"https:\/\/www.centroflora.com.br\/en\/midia\/a-qualidade-comeca-no-insumo\/\" class=\"jet-engine-listing-overlay-link\"><\/a><\/div><\/div><div class=\"jet-listing-grid__item jet-listing-dynamic-post-2888 jet-equal-columns\" data-post-id=\"2888\"  ><div class=\"jet-engine-listing-overlay-wrap\" data-url=\"https:\/\/www.centroflora.com.br\/en\/midia\/verticalizacao-da-cadeia-da-cannabis-no-brasil-estrategia-para-reduzir-custos-e-impulsionar-a-industria-nacional\/\">\t\t<div data-elementor-type=\"jet-listing-items\" data-elementor-id=\"2330\" class=\"elementor elementor-2330\">\n\t\t\t\t<div class=\"elementor-element elementor-element-debee77 e-flex e-con-boxed e-con e-parent\" data-id=\"debee77\" data-element_type=\"container\" data-e-type=\"container\" data-settings=\"{&quot;background_background&quot;:&quot;classic&quot;,&quot;jet_parallax_layout_list&quot;:[]}\">\n\t\t\t\t\t<div class=\"e-con-inner\">\n\t\t<div class=\"elementor-element elementor-element-5bf91b5 e-con-full e-flex e-con e-child\" data-id=\"5bf91b5\" data-element_type=\"container\" data-e-type=\"container\" data-settings=\"{&quot;jet_parallax_layout_list&quot;:[]}\">\n\t\t\t\t<div class=\"elementor-element elementor-element-62b01c9 elementor-widget elementor-widget-image\" data-id=\"62b01c9\" data-element_type=\"widget\" data-e-type=\"widget\" data-widget_type=\"image.default\">\n\t\t\t\t<div class=\"elementor-widget-container\">\n\t\t\t\t\t\t\t\t\t\t\t\t\t\t\t<img decoding=\"async\" width=\"768\" height=\"514\" src=\"https:\/\/www.centroflora.com.br\/wp-content\/uploads\/2025\/10\/thc-768x514.webp\" class=\"attachment-medium_large size-medium_large wp-image-2885\" alt=\"\" srcset=\"https:\/\/www.centroflora.com.br\/wp-content\/uploads\/2025\/10\/thc-768x514.webp 768w, https:\/\/www.centroflora.com.br\/wp-content\/uploads\/2025\/10\/thc-300x201.webp 300w, https:\/\/www.centroflora.com.br\/wp-content\/uploads\/2025\/10\/thc-18x12.webp 18w, https:\/\/www.centroflora.com.br\/wp-content\/uploads\/2025\/10\/thc-600x402.webp 600w, https:\/\/www.centroflora.com.br\/wp-content\/uploads\/2025\/10\/thc.webp 856w\" sizes=\"(max-width: 768px) 100vw, 768px\" \/>\t\t\t\t\t\t\t\t\t\t\t\t\t\t\t<\/div>\n\t\t\t\t<\/div>\n\t\t<div class=\"elementor-element elementor-element-3b2bb06 e-con-full e-flex e-con e-child\" data-id=\"3b2bb06\" data-element_type=\"container\" data-e-type=\"container\" data-settings=\"{&quot;jet_parallax_layout_list&quot;:[]}\">\n\t\t\t\t<div class=\"elementor-element elementor-element-17320b7 data_pt elementor-widget elementor-widget-jet-listing-dynamic-field\" data-id=\"17320b7\" data-element_type=\"widget\" data-e-type=\"widget\" data-widget_type=\"jet-listing-dynamic-field.default\">\n\t\t\t\t<div class=\"elementor-widget-container\">\n\t\t\t\t\t<div class=\"jet-listing jet-listing-dynamic-field display-inline\"><div class=\"jet-listing-dynamic-field__inline-wrap\"><div class=\"jet-listing-dynamic-field__content\" >30\/10\/2025<\/div><\/div><\/div>\t\t\t\t<\/div>\n\t\t\t\t<\/div>\n\t\t\t\t<div class=\"elementor-element elementor-element-c05575f data_en elementor-widget elementor-widget-jet-listing-dynamic-field\" data-id=\"c05575f\" data-element_type=\"widget\" data-e-type=\"widget\" data-widget_type=\"jet-listing-dynamic-field.default\">\n\t\t\t\t<div class=\"elementor-widget-container\">\n\t\t\t\t\t<div class=\"jet-listing jet-listing-dynamic-field display-inline\"><div class=\"jet-listing-dynamic-field__inline-wrap\"><div class=\"jet-listing-dynamic-field__content\" >10\/30\/2025<\/div><\/div><\/div>\t\t\t\t<\/div>\n\t\t\t\t<\/div>\n\t\t\t\t<div class=\"elementor-element elementor-element-623daa8 elementor-widget elementor-widget-jet-listing-dynamic-field\" data-id=\"623daa8\" data-element_type=\"widget\" data-e-type=\"widget\" data-widget_type=\"jet-listing-dynamic-field.default\">\n\t\t\t\t<div class=\"elementor-widget-container\">\n\t\t\t\t\t<div class=\"jet-listing jet-listing-dynamic-field display-inline\"><div class=\"jet-listing-dynamic-field__inline-wrap\"><div class=\"jet-listing-dynamic-field__content\" >- ABIFINA<\/div><\/div><\/div>\t\t\t\t<\/div>\n\t\t\t\t<\/div>\n\t\t\t\t<\/div>\n\t\t\t\t<div class=\"elementor-element elementor-element-3287376 titulo-materia-listing elementor-widget elementor-widget-heading\" data-id=\"3287376\" data-element_type=\"widget\" data-e-type=\"widget\" data-widget_type=\"heading.default\">\n\t\t\t\t<div class=\"elementor-widget-container\">\n\t\t\t\t\t<h3 class=\"elementor-heading-title elementor-size-default\">VERTICALIZA\u00c7\u00c3O DA CADEIA DA CANNABIS NO BRASIL: ESTRAT\u00c9GIA PARA REDUZIR CUSTOS E IMPULSIONAR A IND\u00daSTRIA NACIONAL<\/h3>\t\t\t\t<\/div>\n\t\t\t\t<\/div>\n\t\t\t\t<\/div>\n\t\t\t\t<div class=\"elementor-element elementor-element-893fa52 elementor-widget elementor-widget-jet-listing-dynamic-link\" data-id=\"893fa52\" data-element_type=\"widget\" data-e-type=\"widget\" data-widget_type=\"jet-listing-dynamic-link.default\">\n\t\t\t\t<div class=\"elementor-widget-container\">\n\t\t\t\t\t<div class=\"jet-listing jet-listing-dynamic-link\"><a href=\"https:\/\/www.centroflora.com.br\/en\/midia\/verticalizacao-da-cadeia-da-cannabis-no-brasil-estrategia-para-reduzir-custos-e-impulsionar-a-industria-nacional\/\" class=\"jet-listing-dynamic-link__link\"><span class=\"jet-listing-dynamic-link__label\">Saiba mais +<\/span><\/a><\/div>\t\t\t\t<\/div>\n\t\t\t\t<\/div>\n\t\t\t\t\t<\/div>\n\t\t\t\t<\/div>\n\t\t\t\t<\/div>\n\t\t<a href=\"https:\/\/www.centroflora.com.br\/en\/midia\/verticalizacao-da-cadeia-da-cannabis-no-brasil-estrategia-para-reduzir-custos-e-impulsionar-a-industria-nacional\/\" class=\"jet-engine-listing-overlay-link\"><\/a><\/div><\/div><div class=\"jet-listing-grid__item jet-listing-dynamic-post-2731 jet-equal-columns\" data-post-id=\"2731\"  ><div class=\"jet-engine-listing-overlay-wrap\" data-url=\"https:\/\/www.centroflora.com.br\/en\/midia\/opiniao-o-brasil-que-da-certo-comeca-no-microscopio\/\">\t\t<div data-elementor-type=\"jet-listing-items\" data-elementor-id=\"2330\" class=\"elementor elementor-2330\">\n\t\t\t\t<div class=\"elementor-element elementor-element-debee77 e-flex e-con-boxed e-con e-parent\" data-id=\"debee77\" data-element_type=\"container\" data-e-type=\"container\" data-settings=\"{&quot;background_background&quot;:&quot;classic&quot;,&quot;jet_parallax_layout_list&quot;:[]}\">\n\t\t\t\t\t<div class=\"e-con-inner\">\n\t\t<div class=\"elementor-element elementor-element-5bf91b5 e-con-full e-flex e-con e-child\" data-id=\"5bf91b5\" data-element_type=\"container\" data-e-type=\"container\" data-settings=\"{&quot;jet_parallax_layout_list&quot;:[]}\">\n\t\t\t\t<div class=\"elementor-element elementor-element-62b01c9 elementor-widget elementor-widget-image\" data-id=\"62b01c9\" data-element_type=\"widget\" data-e-type=\"widget\" data-widget_type=\"image.default\">\n\t\t\t\t<div class=\"elementor-widget-container\">\n\t\t\t\t\t\t\t\t\t\t\t\t\t\t\t<img loading=\"lazy\" decoding=\"async\" width=\"380\" height=\"253\" src=\"https:\/\/www.centroflora.com.br\/wp-content\/uploads\/2025\/04\/thumbnail_image002.jpg\" class=\"attachment-medium_large size-medium_large wp-image-2729\" alt=\"\" srcset=\"https:\/\/www.centroflora.com.br\/wp-content\/uploads\/2025\/04\/thumbnail_image002.jpg 380w, https:\/\/www.centroflora.com.br\/wp-content\/uploads\/2025\/04\/thumbnail_image002-300x200.jpg 300w, https:\/\/www.centroflora.com.br\/wp-content\/uploads\/2025\/04\/thumbnail_image002-18x12.jpg 18w\" sizes=\"(max-width: 380px) 100vw, 380px\" \/>\t\t\t\t\t\t\t\t\t\t\t\t\t\t\t<\/div>\n\t\t\t\t<\/div>\n\t\t<div class=\"elementor-element elementor-element-3b2bb06 e-con-full e-flex e-con e-child\" data-id=\"3b2bb06\" data-element_type=\"container\" data-e-type=\"container\" data-settings=\"{&quot;jet_parallax_layout_list&quot;:[]}\">\n\t\t\t\t<div class=\"elementor-element elementor-element-17320b7 data_pt elementor-widget elementor-widget-jet-listing-dynamic-field\" data-id=\"17320b7\" data-element_type=\"widget\" data-e-type=\"widget\" data-widget_type=\"jet-listing-dynamic-field.default\">\n\t\t\t\t<div class=\"elementor-widget-container\">\n\t\t\t\t\t<div class=\"jet-listing jet-listing-dynamic-field display-inline\"><div class=\"jet-listing-dynamic-field__inline-wrap\"><div class=\"jet-listing-dynamic-field__content\" >17\/04\/2025<\/div><\/div><\/div>\t\t\t\t<\/div>\n\t\t\t\t<\/div>\n\t\t\t\t<div class=\"elementor-element elementor-element-c05575f data_en elementor-widget elementor-widget-jet-listing-dynamic-field\" data-id=\"c05575f\" data-element_type=\"widget\" data-e-type=\"widget\" data-widget_type=\"jet-listing-dynamic-field.default\">\n\t\t\t\t<div class=\"elementor-widget-container\">\n\t\t\t\t\t<div class=\"jet-listing jet-listing-dynamic-field display-inline\"><div class=\"jet-listing-dynamic-field__inline-wrap\"><div class=\"jet-listing-dynamic-field__content\" >04\/17\/2025<\/div><\/div><\/div>\t\t\t\t<\/div>\n\t\t\t\t<\/div>\n\t\t\t\t<div class=\"elementor-element elementor-element-623daa8 elementor-widget elementor-widget-jet-listing-dynamic-field\" data-id=\"623daa8\" data-element_type=\"widget\" data-e-type=\"widget\" data-widget_type=\"jet-listing-dynamic-field.default\">\n\t\t\t\t<div class=\"elementor-widget-container\">\n\t\t\t\t\t<div class=\"jet-listing jet-listing-dynamic-field display-inline\"><div class=\"jet-listing-dynamic-field__inline-wrap\"><div class=\"jet-listing-dynamic-field__content\" >- Estad\u00e3o<\/div><\/div><\/div>\t\t\t\t<\/div>\n\t\t\t\t<\/div>\n\t\t\t\t<\/div>\n\t\t\t\t<div class=\"elementor-element elementor-element-3287376 titulo-materia-listing elementor-widget elementor-widget-heading\" data-id=\"3287376\" data-element_type=\"widget\" data-e-type=\"widget\" data-widget_type=\"heading.default\">\n\t\t\t\t<div class=\"elementor-widget-container\">\n\t\t\t\t\t<h3 class=\"elementor-heading-title elementor-size-default\">Opini\u00e3o | O Brasil que d\u00e1 certo come\u00e7a no microsc\u00f3pio<\/h3>\t\t\t\t<\/div>\n\t\t\t\t<\/div>\n\t\t\t\t<\/div>\n\t\t\t\t<div class=\"elementor-element elementor-element-893fa52 elementor-widget elementor-widget-jet-listing-dynamic-link\" data-id=\"893fa52\" data-element_type=\"widget\" data-e-type=\"widget\" data-widget_type=\"jet-listing-dynamic-link.default\">\n\t\t\t\t<div class=\"elementor-widget-container\">\n\t\t\t\t\t<div class=\"jet-listing jet-listing-dynamic-link\"><a href=\"https:\/\/www.centroflora.com.br\/en\/midia\/opiniao-o-brasil-que-da-certo-comeca-no-microscopio\/\" class=\"jet-listing-dynamic-link__link\"><span class=\"jet-listing-dynamic-link__label\">Saiba mais +<\/span><\/a><\/div>\t\t\t\t<\/div>\n\t\t\t\t<\/div>\n\t\t\t\t\t<\/div>\n\t\t\t\t<\/div>\n\t\t\t\t<\/div>\n\t\t<a href=\"https:\/\/www.centroflora.com.br\/en\/midia\/opiniao-o-brasil-que-da-certo-comeca-no-microscopio\/\" class=\"jet-engine-listing-overlay-link\"><\/a><\/div><\/div><div class=\"jet-listing-grid__item jet-listing-dynamic-post-2306 jet-equal-columns\" data-post-id=\"2306\"  ><div class=\"jet-engine-listing-overlay-wrap\" data-url=\"https:\/\/www.centroflora.com.br\/en\/midia\/conheca-o-empresario-que-levou-a-centroflora-de-fabrica-rudimentar-a-lider-nacional-de-insumos-farmaceuticos-naturais\/\">\t\t<div data-elementor-type=\"jet-listing-items\" data-elementor-id=\"2330\" class=\"elementor elementor-2330\">\n\t\t\t\t<div class=\"elementor-element elementor-element-debee77 e-flex e-con-boxed e-con e-parent\" data-id=\"debee77\" data-element_type=\"container\" data-e-type=\"container\" data-settings=\"{&quot;background_background&quot;:&quot;classic&quot;,&quot;jet_parallax_layout_list&quot;:[]}\">\n\t\t\t\t\t<div class=\"e-con-inner\">\n\t\t<div class=\"elementor-element elementor-element-5bf91b5 e-con-full e-flex e-con e-child\" data-id=\"5bf91b5\" data-element_type=\"container\" data-e-type=\"container\" data-settings=\"{&quot;jet_parallax_layout_list&quot;:[]}\">\n\t\t\t\t<div class=\"elementor-element elementor-element-62b01c9 elementor-widget elementor-widget-image\" data-id=\"62b01c9\" data-element_type=\"widget\" data-e-type=\"widget\" data-widget_type=\"image.default\">\n\t\t\t\t<div class=\"elementor-widget-container\">\n\t\t\t\t\t\t\t\t\t\t\t\t\t\t\t<img loading=\"lazy\" decoding=\"async\" width=\"768\" height=\"516\" src=\"https:\/\/www.centroflora.com.br\/wp-content\/uploads\/2025\/01\/materia-valor-economico-768x516.jpg\" class=\"attachment-medium_large size-medium_large wp-image-2324\" alt=\"materia-valor-economico\" srcset=\"https:\/\/www.centroflora.com.br\/wp-content\/uploads\/2025\/01\/materia-valor-economico-768x516.jpg 768w, https:\/\/www.centroflora.com.br\/wp-content\/uploads\/2025\/01\/materia-valor-economico-300x202.jpg 300w, https:\/\/www.centroflora.com.br\/wp-content\/uploads\/2025\/01\/materia-valor-economico-18x12.jpg 18w, https:\/\/www.centroflora.com.br\/wp-content\/uploads\/2025\/01\/materia-valor-economico-600x403.jpg 600w, https:\/\/www.centroflora.com.br\/wp-content\/uploads\/2025\/01\/materia-valor-economico.jpg 1000w\" sizes=\"(max-width: 768px) 100vw, 768px\" \/>\t\t\t\t\t\t\t\t\t\t\t\t\t\t\t<\/div>\n\t\t\t\t<\/div>\n\t\t<div class=\"elementor-element elementor-element-3b2bb06 e-con-full e-flex e-con e-child\" data-id=\"3b2bb06\" data-element_type=\"container\" data-e-type=\"container\" data-settings=\"{&quot;jet_parallax_layout_list&quot;:[]}\">\n\t\t\t\t<div class=\"elementor-element elementor-element-17320b7 data_pt elementor-widget elementor-widget-jet-listing-dynamic-field\" data-id=\"17320b7\" data-element_type=\"widget\" data-e-type=\"widget\" data-widget_type=\"jet-listing-dynamic-field.default\">\n\t\t\t\t<div class=\"elementor-widget-container\">\n\t\t\t\t\t<div class=\"jet-listing jet-listing-dynamic-field display-inline\"><div class=\"jet-listing-dynamic-field__inline-wrap\"><div class=\"jet-listing-dynamic-field__content\" >17\/03\/2023<\/div><\/div><\/div>\t\t\t\t<\/div>\n\t\t\t\t<\/div>\n\t\t\t\t<div class=\"elementor-element elementor-element-c05575f data_en elementor-widget elementor-widget-jet-listing-dynamic-field\" data-id=\"c05575f\" data-element_type=\"widget\" data-e-type=\"widget\" data-widget_type=\"jet-listing-dynamic-field.default\">\n\t\t\t\t<div class=\"elementor-widget-container\">\n\t\t\t\t\t<div class=\"jet-listing jet-listing-dynamic-field display-inline\"><div class=\"jet-listing-dynamic-field__inline-wrap\"><div class=\"jet-listing-dynamic-field__content\" >03\/17\/2023<\/div><\/div><\/div>\t\t\t\t<\/div>\n\t\t\t\t<\/div>\n\t\t\t\t<div class=\"elementor-element elementor-element-623daa8 elementor-widget elementor-widget-jet-listing-dynamic-field\" data-id=\"623daa8\" data-element_type=\"widget\" data-e-type=\"widget\" data-widget_type=\"jet-listing-dynamic-field.default\">\n\t\t\t\t<div class=\"elementor-widget-container\">\n\t\t\t\t\t<div class=\"jet-listing jet-listing-dynamic-field display-inline\"><div class=\"jet-listing-dynamic-field__inline-wrap\"><div class=\"jet-listing-dynamic-field__content\" >- Valor Econ\u00f4mico<\/div><\/div><\/div>\t\t\t\t<\/div>\n\t\t\t\t<\/div>\n\t\t\t\t<\/div>\n\t\t\t\t<div class=\"elementor-element elementor-element-3287376 titulo-materia-listing elementor-widget elementor-widget-heading\" data-id=\"3287376\" data-element_type=\"widget\" data-e-type=\"widget\" data-widget_type=\"heading.default\">\n\t\t\t\t<div class=\"elementor-widget-container\">\n\t\t\t\t\t<h3 class=\"elementor-heading-title elementor-size-default\">Conhe\u00e7a o empres\u00e1rio que levou a Centroflora de f\u00e1brica rudimentar a l\u00edder nacional de insumos farmac\u00eauticos naturais<\/h3>\t\t\t\t<\/div>\n\t\t\t\t<\/div>\n\t\t\t\t<\/div>\n\t\t\t\t<div class=\"elementor-element elementor-element-893fa52 elementor-widget elementor-widget-jet-listing-dynamic-link\" data-id=\"893fa52\" data-element_type=\"widget\" data-e-type=\"widget\" data-widget_type=\"jet-listing-dynamic-link.default\">\n\t\t\t\t<div class=\"elementor-widget-container\">\n\t\t\t\t\t<div class=\"jet-listing jet-listing-dynamic-link\"><a href=\"https:\/\/www.centroflora.com.br\/en\/midia\/conheca-o-empresario-que-levou-a-centroflora-de-fabrica-rudimentar-a-lider-nacional-de-insumos-farmaceuticos-naturais\/\" class=\"jet-listing-dynamic-link__link\"><span class=\"jet-listing-dynamic-link__label\">Saiba mais +<\/span><\/a><\/div>\t\t\t\t<\/div>\n\t\t\t\t<\/div>\n\t\t\t\t\t<\/div>\n\t\t\t\t<\/div>\n\t\t\t\t<\/div>\n\t\t<a href=\"https:\/\/www.centroflora.com.br\/en\/midia\/conheca-o-empresario-que-levou-a-centroflora-de-fabrica-rudimentar-a-lider-nacional-de-insumos-farmaceuticos-naturais\/\" class=\"jet-engine-listing-overlay-link\"><\/a><\/div><\/div><\/div><\/div><\/div>\t\t\t\t<\/div>\n\t\t\t\t<\/div>\n\t\t\t\t<div class=\"elementor-element elementor-element-3c90d5f elementor-mobile-align-justify elementor-hidden-widescreen elementor-hidden-desktop elementor-hidden-laptop elementor-hidden-tablet_extra elementor-hidden-tablet elementor-hidden-mobile_extra elementor-widget elementor-widget-button\" data-id=\"3c90d5f\" data-element_type=\"widget\" data-e-type=\"widget\" data-widget_type=\"button.default\">\n\t\t\t\t<div class=\"elementor-widget-container\">\n\t\t\t\t\t\t\t\t\t<div class=\"elementor-button-wrapper\">\n\t\t\t\t\t<a class=\"elementor-button elementor-button-link elementor-size-sm\" href=\"\/materias\">\n\t\t\t\t\t\t<span class=\"elementor-button-content-wrapper\">\n\t\t\t\t\t\t\t\t\t<span class=\"elementor-button-text\">Ver lista completa<\/span>\n\t\t\t\t\t<\/span>\n\t\t\t\t\t<\/a>\n\t\t\t\t<\/div>\n\t\t\t\t\t\t\t\t<\/div>\n\t\t\t\t<\/div>\n\t\t\t\t<\/div>\n\t\t\t\t\t<\/div>\n\t\t\t\t<\/div>\n\t\t<div class=\"elementor-element elementor-element-0da9bcd e-flex e-con-boxed e-con e-parent\" data-id=\"0da9bcd\" data-element_type=\"container\" data-e-type=\"container\" data-settings=\"{&quot;background_background&quot;:&quot;classic&quot;,&quot;jet_parallax_layout_list&quot;:[]}\">\n\t\t\t\t\t<div class=\"e-con-inner\">\n\t\t<div class=\"elementor-element elementor-element-1b9d363 e-con-full e-flex e-con e-child\" data-id=\"1b9d363\" data-element_type=\"container\" data-e-type=\"container\" data-settings=\"{&quot;jet_parallax_layout_list&quot;:[]}\">\n\t\t\t\t<div class=\"elementor-element elementor-element-d03bdf8 elementor-widget elementor-widget-heading\" data-id=\"d03bdf8\" data-element_type=\"widget\" data-e-type=\"widget\" data-widget_type=\"heading.default\">\n\t\t\t\t<div class=\"elementor-widget-container\">\n\t\t\t\t\t<h2 class=\"elementor-heading-title elementor-size-default\">Eventos<\/h2>\t\t\t\t<\/div>\n\t\t\t\t<\/div>\n\t\t\t\t<div class=\"elementor-element elementor-element-2d6b3fc elementor-widget elementor-widget-text-editor\" data-id=\"2d6b3fc\" data-element_type=\"widget\" data-e-type=\"widget\" data-widget_type=\"text-editor.default\">\n\t\t\t\t<div class=\"elementor-widget-container\">\n\t\t\t\t\t\t\t\t\tParticipamos de encontros que impulsionam inova\u00e7\u00e3o, sustentabilidade e conex\u00f5es globais. Acompanhe-nos e descubra como estamos liderando conversas sobre biodiversidade, bioeconomia e responsabilidade socioambiental.\t\t\t\t\t\t\t\t<\/div>\n\t\t\t\t<\/div>\n\t\t\t\t<div class=\"elementor-element elementor-element-d7c5ec5 elementor-hidden-mobile elementor-widget elementor-widget-button\" data-id=\"d7c5ec5\" data-element_type=\"widget\" data-e-type=\"widget\" data-widget_type=\"button.default\">\n\t\t\t\t<div class=\"elementor-widget-container\">\n\t\t\t\t\t\t\t\t\t<div class=\"elementor-button-wrapper\">\n\t\t\t\t\t<a class=\"elementor-button elementor-button-link elementor-size-sm\" href=\"\/eventos\">\n\t\t\t\t\t\t<span class=\"elementor-button-content-wrapper\">\n\t\t\t\t\t\t\t\t\t<span class=\"elementor-button-text\">Ver lista completa<\/span>\n\t\t\t\t\t<\/span>\n\t\t\t\t\t<\/a>\n\t\t\t\t<\/div>\n\t\t\t\t\t\t\t\t<\/div>\n\t\t\t\t<\/div>\n\t\t\t\t<\/div>\n\t\t<div class=\"elementor-element elementor-element-95942cd e-con-full e-flex e-con e-child\" data-id=\"95942cd\" data-element_type=\"container\" data-e-type=\"container\" data-settings=\"{&quot;jet_parallax_layout_list&quot;:[]}\">\n\t\t\t\t<div class=\"elementor-element elementor-element-dc7ab53 elementor-invisible elementor-widget elementor-widget-jet-listing-grid\" data-id=\"dc7ab53\" data-element_type=\"widget\" data-e-type=\"widget\" data-settings=\"{&quot;_animation&quot;:&quot;fadeIn&quot;,&quot;_animation_delay&quot;:500,&quot;columns_widescreen&quot;:&quot;3&quot;,&quot;columns_laptop&quot;:&quot;3&quot;,&quot;columns_tablet_extra&quot;:&quot;2&quot;,&quot;columns_mobile_extra&quot;:&quot;1&quot;,&quot;columns&quot;:3}\" data-widget_type=\"jet-listing-grid.default\">\n\t\t\t\t<div class=\"elementor-widget-container\">\n\t\t\t\t\t<div class=\"jet-listing-grid jet-listing\"><div class=\"jet-listing-not-found jet-listing-grid__items\" data-nav=\"{&quot;enabled&quot;:false,&quot;type&quot;:null,&quot;more_el&quot;:null,&quot;query&quot;:[],&quot;widget_settings&quot;:{&quot;lisitng_id&quot;:2374,&quot;posts_num&quot;:5,&quot;columns&quot;:3,&quot;columns_tablet&quot;:3,&quot;columns_mobile&quot;:3,&quot;column_min_width&quot;:240,&quot;column_min_width_tablet&quot;:240,&quot;column_min_width_mobile&quot;:240,&quot;inline_columns_css&quot;:false,&quot;is_archive_template&quot;:&quot;&quot;,&quot;post_status&quot;:[&quot;publish&quot;],&quot;use_random_posts_num&quot;:&quot;&quot;,&quot;max_posts_num&quot;:9,&quot;not_found_message&quot;:&quot;Nenhum evento encontrado&quot;,&quot;is_masonry&quot;:false,&quot;equal_columns_height&quot;:&quot;yes&quot;,&quot;use_load_more&quot;:&quot;&quot;,&quot;load_more_id&quot;:&quot;&quot;,&quot;load_more_type&quot;:&quot;click&quot;,&quot;load_more_offset&quot;:null,&quot;use_custom_post_types&quot;:&quot;&quot;,&quot;custom_post_types&quot;:[],&quot;hide_widget_if&quot;:&quot;&quot;,&quot;carousel_enabled&quot;:&quot;yes&quot;,&quot;slides_to_scroll&quot;:&quot;1&quot;,&quot;arrows&quot;:&quot;true&quot;,&quot;arrow_icon&quot;:&quot;fa fa-arrow-left&quot;,&quot;dots&quot;:&quot;&quot;,&quot;autoplay&quot;:&quot;true&quot;,&quot;pause_on_hover&quot;:&quot;true&quot;,&quot;autoplay_speed&quot;:5000,&quot;infinite&quot;:&quot;true&quot;,&quot;center_mode&quot;:&quot;&quot;,&quot;effect&quot;:&quot;slide&quot;,&quot;speed&quot;:500,&quot;inject_alternative_items&quot;:&quot;&quot;,&quot;injection_items&quot;:[],&quot;scroll_slider_enabled&quot;:&quot;&quot;,&quot;scroll_slider_on&quot;:[&quot;desktop&quot;,&quot;tablet&quot;,&quot;mobile&quot;],&quot;custom_query&quot;:false,&quot;custom_query_id&quot;:&quot;&quot;,&quot;_element_id&quot;:&quot;&quot;,&quot;collapse_first_last_gap&quot;:false,&quot;list_tag_selection&quot;:&quot;&quot;,&quot;list_items_wrapper_tag&quot;:&quot;div&quot;,&quot;list_item_tag&quot;:&quot;div&quot;,&quot;empty_items_wrapper_tag&quot;:&quot;div&quot;}}\" data-listing-source=\"posts\" data-listing-id=\"2374\" data-query-id=\"\" data-queried-id=\"2325|WP_Post\">Nenhum evento encontrado<\/div><\/div>\t\t\t\t<\/div>\n\t\t\t\t<\/div>\n\t\t\t\t<div class=\"elementor-element elementor-element-fe03164 elementor-mobile-align-justify elementor-hidden-widescreen elementor-hidden-desktop elementor-hidden-laptop elementor-hidden-tablet_extra elementor-hidden-tablet elementor-hidden-mobile_extra elementor-widget elementor-widget-button\" data-id=\"fe03164\" data-element_type=\"widget\" data-e-type=\"widget\" data-widget_type=\"button.default\">\n\t\t\t\t<div class=\"elementor-widget-container\">\n\t\t\t\t\t\t\t\t\t<div class=\"elementor-button-wrapper\">\n\t\t\t\t\t<a class=\"elementor-button elementor-button-link elementor-size-sm\" href=\"\/eventos\">\n\t\t\t\t\t\t<span class=\"elementor-button-content-wrapper\">\n\t\t\t\t\t\t\t\t\t<span class=\"elementor-button-text\">Ver lista completa<\/span>\n\t\t\t\t\t<\/span>\n\t\t\t\t\t<\/a>\n\t\t\t\t<\/div>\n\t\t\t\t\t\t\t\t<\/div>\n\t\t\t\t<\/div>\n\t\t\t\t<\/div>\n\t\t\t\t\t<\/div>\n\t\t\t\t<\/div>\n\t\t\t\t<\/div>\n\t\t","protected":false},"excerpt":{"rendered":"<p>M\u00eddia O Grupo Centroflora \u00e9 refer\u00eancia em inova\u00e7\u00e3o, sustentabilidade e responsabilidade socioambiental, e isso n\u00e3o passa despercebido. Nesta se\u00e7\u00e3o, reunimos mat\u00e9rias, entrevistas e reportagens publicadas em ve\u00edculos renomados, que destacam nossas conquistas, projetos e iniciativas de impacto. Ver lista completa 17\/03\/2023 &#8211; Valor Econ\u00f4mico Saiba mais + 11\/09\/2021 &#8211; O Globo Saiba mais + 01\/09\/2020 [&hellip;]<\/p>\n","protected":false},"author":2,"featured_media":0,"parent":0,"menu_order":0,"comment_status":"closed","ping_status":"closed","template":"","meta":{"footnotes":""},"class_list":["post-2325","page","type-page","status-publish","hentry"],"aioseo_notices":[],"_links":{"self":[{"href":"https:\/\/www.centroflora.com.br\/en\/wp-json\/wp\/v2\/pages\/2325","targetHints":{"allow":["GET"]}}],"collection":[{"href":"https:\/\/www.centroflora.com.br\/en\/wp-json\/wp\/v2\/pages"}],"about":[{"href":"https:\/\/www.centroflora.com.br\/en\/wp-json\/wp\/v2\/types\/page"}],"author":[{"embeddable":true,"href":"https:\/\/www.centroflora.com.br\/en\/wp-json\/wp\/v2\/users\/2"}],"replies":[{"embeddable":true,"href":"https:\/\/www.centroflora.com.br\/en\/wp-json\/wp\/v2\/comments?post=2325"}],"version-history":[{"count":0,"href":"https:\/\/www.centroflora.com.br\/en\/wp-json\/wp\/v2\/pages\/2325\/revisions"}],"wp:attachment":[{"href":"https:\/\/www.centroflora.com.br\/en\/wp-json\/wp\/v2\/media?parent=2325"}],"curies":[{"name":"wp","href":"https:\/\/api.w.org\/{rel}","templated":true}]}}